{"id":102180,"date":"2025-02-20T21:01:46","date_gmt":"2025-02-20T20:01:46","guid":{"rendered":"https:\/\/molsbjergecamping.dk\/menues\/"},"modified":"2025-07-16T14:26:12","modified_gmt":"2025-07-16T13:26:12","slug":"menues","status":"publish","type":"page","link":"https:\/\/molsbjergecamping.dk\/de\/das-quadrat\/cafe\/menues\/","title":{"rendered":"Men\u00fcs"},"content":{"rendered":"<p>[et_pb_section fb_built=&#8220;1&#8243; _builder_version=&#8220;4.27.4&#8243; _module_preset=&#8220;default&#8220; use_background_color_gradient=&#8220;on&#8220; background_color_gradient_direction=&#8220;45deg&#8220; background_color_gradient_stops=&#8220;rgba(0,0,0,0.6) 0%|rgba(0,0,0,0.6) 100%&#8220; background_color_gradient_overlays_image=&#8220;on&#8220; background_image=&#8220;https:\/\/molsbjergecamping.dk\/wp-content\/uploads\/2025\/02\/thumbnail.jpg&#8220; height=&#8220;400px&#8220; height_tablet=&#8220;350px&#8220; height_phone=&#8220;350px&#8220; height_last_edited=&#8220;on|tablet&#8220; global_colors_info=&#8220;{}&#8220;][et_pb_row _builder_version=&#8220;4.17.3&#8243; _module_preset=&#8220;default&#8220; custom_padding=&#8220;||0px||false|false&#8220; global_colors_info=&#8220;{}&#8220;][et_pb_column type=&#8220;4_4&#8243; _builder_version=&#8220;4.17.3&#8243; _module_preset=&#8220;default&#8220; global_colors_info=&#8220;{}&#8220;][et_pb_text _builder_version=&#8220;4.27.4&#8243; _module_preset=&#8220;default&#8220; header_font=&#8220;||||||||&#8220; header_text_color=&#8220;#FFFFFF&#8220; header_2_text_color=&#8220;#FFFFFF&#8220; custom_margin=&#8220;||0px||false|false&#8220; border_color_all=&#8220;gcid-7ce7b00a-a0f7-4559-8af2-0adef5afd391&#8243; global_colors_info=&#8220;{%22gcid-7ce7b00a-a0f7-4559-8af2-0adef5afd391%22:%91%22border_color_all%22%93}&#8220;]<\/p>\n<h1>Men\u00fcvorschl\u00e4ge f\u00fcr Veranstaltungen<\/h1>\n<p>[\/et_pb_text][\/et_pb_column][\/et_pb_row][et_pb_row _builder_version=&#8220;4.17.3&#8243; _module_preset=&#8220;default&#8220; custom_padding=&#8220;0px||||false|false&#8220; global_colors_info=&#8220;{}&#8220;][et_pb_column type=&#8220;4_4&#8243; _builder_version=&#8220;4.17.3&#8243; _module_preset=&#8220;default&#8220; global_colors_info=&#8220;{}&#8220;][et_pb_divider color=&#8220;gcid-7ce7b00a-a0f7-4559-8af2-0adef5afd391&#8243; _builder_version=&#8220;4.17.3&#8243; _module_preset=&#8220;default&#8220; height=&#8220;0px&#8220; custom_margin=&#8220;||0px||false|false&#8220; custom_padding=&#8220;||||false|false&#8220; global_colors_info=&#8220;{%22gcid-7ce7b00a-a0f7-4559-8af2-0adef5afd391%22:%91%22border_color_right%22,%22color%22%93}&#8220;][\/et_pb_divider][et_pb_divider show_divider=&#8220;off&#8220; admin_label=&#8220;Point right bottom&#8220; module_class=&#8220;dot-right-bottom sub-page-dot&#8220; _builder_version=&#8220;4.17.3&#8243; _module_preset=&#8220;default&#8220; height=&#8220;25px&#8220; border_width_right=&#8220;1px&#8220; border_color_right=&#8220;gcid-7ce7b00a-a0f7-4559-8af2-0adef5afd391&#8243; global_colors_info=&#8220;{%22gcid-7ce7b00a-a0f7-4559-8af2-0adef5afd391%22:%91%22border_color_right%22%93}&#8220;][\/et_pb_divider][\/et_pb_column][\/et_pb_row][\/et_pb_section][et_pb_section fb_built=&#8220;1&#8243; _builder_version=&#8220;4.17.3&#8243; _module_preset=&#8220;default&#8220; background_image=&#8220;https:\/\/molsbjergecamping.dk\/wp-content\/uploads\/2024\/10\/corner-dots-left-top.png&#8220; background_size=&#8220;initial&#8220; background_position=&#8220;top_left&#8220; background_last_edited=&#8220;on|tablet&#8220; background_enable_image_tablet=&#8220;off&#8220; global_colors_info=&#8220;{}&#8220;][et_pb_row _builder_version=&#8220;4.27.4&#8243; _module_preset=&#8220;default&#8220; global_colors_info=&#8220;{}&#8220;][et_pb_column type=&#8220;4_4&#8243; _builder_version=&#8220;4.27.4&#8243; _module_preset=&#8220;default&#8220; global_colors_info=&#8220;{}&#8220;][et_pb_slider _builder_version=&#8220;4.27.4&#8243; _module_preset=&#8220;default&#8220; header_text_color=&#8220;#000000&#8243; body_text_color=&#8220;#212121&#8243; background_color=&#8220;RGBA(255,255,255,0)&#8220; custom_margin=&#8220;||||false|false&#8220; custom_padding=&#8220;10px|0px|60px|0px|false|false&#8220; hover_enabled=&#8220;0&#8243; border_radii=&#8220;on|50px|50px|50px|50px&#8220; box_shadow_style=&#8220;preset1&#8243; saved_tabs=&#8220;all&#8220; global_colors_info=&#8220;{%22gcid-heading-color%22:%91%22header_text_color%22%93,%22gcid-body-color%22:%91%22body_text_color%22%93}&#8220; sticky_enabled=&#8220;0&#8243;][et_pb_slide heading=&#8220;Spanferkel&#8220; _builder_version=&#8220;4.27.4&#8243; _module_preset=&#8220;default&#8220; custom_button=&#8220;on&#8220; button_text_color=&#8220;#FFFFFF&#8220; button_bg_color=&#8220;gcid-64bcecb8-1e08-4484-8de3-a2058d1920a9&#8243; button_border_radius=&#8220;20px&#8220; background_layout=&#8220;light&#8220; global_colors_info=&#8220;{%22gcid-64bcecb8-1e08-4484-8de3-a2058d1920a9%22:%91%22button_bg_color%22%93}&#8220; sticky_transition=&#8220;on&#8220;]<\/p>\n<p>min. 40 Personen <\/p>\n<p>&nbsp;<\/p>\n<table border=\"1\" style=\"border-collapse: collapse; width: 100%;\">\n<tbody>\n<tr style=\"height: 72px;\">\n<td style=\"width: 49.8382%; height: 72px; text-align: center;\">Serviert mit:<\/td>\n<\/tr>\n<tr>\n<td style=\"width: 49.8382%; text-align: center;\"><span>Salatbar<\/span><\/td>\n<\/tr>\n<tr style=\"height: 24px;\">\n<td style=\"width: 49.8382%; height: 24px; text-align: center;\"><span>Sahnekartoffeln<\/span><\/td>\n<\/tr>\n<tr>\n<td style=\"width: 49.8382%; text-align: center;\">Gebratene gew\u00fcrzte Kartoffeln aus dem Ofen<\/td>\n<\/tr>\n<tr>\n<td style=\"width: 49.8382%; text-align: center;\">Fl\u00f6ten<\/td>\n<\/tr>\n<tr>\n<td style=\"width: 49.8382%; text-align: center;\"><strong>Nur 260,- pro Person<\/strong><\/td>\n<\/tr>\n<\/tbody>\n<\/table>\n<p>&nbsp;<\/p>\n<p>[\/et_pb_slide][et_pb_slide heading=&#8220;Mariniertes Lendensteak&#8220; _builder_version=&#8220;4.27.4&#8243; _module_preset=&#8220;default&#8220; custom_button=&#8220;on&#8220; button_text_color=&#8220;#FFFFFF&#8220; button_bg_color=&#8220;gcid-64bcecb8-1e08-4484-8de3-a2058d1920a9&#8243; button_border_radius=&#8220;20px&#8220; background_layout=&#8220;light&#8220; global_colors_info=&#8220;{%22gcid-64bcecb8-1e08-4484-8de3-a2058d1920a9%22:%91%22button_bg_color%22%93}&#8220; sticky_transition=&#8220;on&#8220;]<\/p>\n<p>&nbsp;<\/p>\n<table border=\"1\" style=\"border-collapse: collapse; width: 100%; height: 192px;\">\n<tbody>\n<tr style=\"height: 72px;\">\n<td style=\"width: 49.8382%; height: 72px; text-align: center;\">Serviert mit:<\/td>\n<\/tr>\n<tr style=\"height: 24px;\">\n<td style=\"width: 49.8382%; height: 24px; text-align: center;\">Salatbar<\/td>\n<\/tr>\n<tr style=\"height: 24px;\">\n<td style=\"width: 49.8382%; height: 24px; text-align: center;\">Sahnekartoffeln<\/td>\n<\/tr>\n<tr style=\"height: 24px;\">\n<td style=\"width: 49.8382%; height: 24px; text-align: center;\">Gebratene gew\u00fcrzte Kartoffeln aus dem Ofen<\/td>\n<\/tr>\n<tr style=\"height: 24px;\">\n<td style=\"width: 49.8382%; height: 24px; text-align: center;\">Fl\u00f6ten<\/td>\n<\/tr>\n<tr style=\"height: 24px;\">\n<td style=\"width: 49.8382%; text-align: center; height: 24px;\"><strong>199,- pro Person<\/strong><\/td>\n<\/tr>\n<\/tbody>\n<\/table>\n<p>&nbsp;<\/p>\n<p>[\/et_pb_slide][et_pb_slide heading=&#8220;Men\u00fc %22Grillen Sie selbst&#8220; _builder_version=&#8220;4.27.4&#8243; _module_preset=&#8220;default&#8220; custom_button=&#8220;on&#8220; button_text_color=&#8220;#FFFFFF&#8220; button_bg_color=&#8220;gcid-64bcecb8-1e08-4484-8de3-a2058d1920a9&#8243; button_border_radius=&#8220;20px&#8220; background_layout=&#8220;light&#8220; global_colors_info=&#8220;{%22gcid-64bcecb8-1e08-4484-8de3-a2058d1920a9%22:%91%22button_bg_color%22%93}&#8220; sticky_transition=&#8220;on&#8220;]<\/p>\n<p>Stellen Sie sich selbst an den Grill, wir liefern die Zutaten<\/p>\n<table border=\"1\" style=\"border-collapse: collapse; width: 100%; height: 298px;\">\n<tbody>\n<tr style=\"height: 72px;\">\n<td style=\"width: 49.8382%; height: 72px; text-align: center;\">W\u00e4hlen Sie aus:<\/td>\n<\/tr>\n<tr style=\"height: 24px;\">\n<td style=\"width: 49.8382%; text-align: center; height: 24px;\"><span>Gegrillte Medaillons<\/span><\/td>\n<\/tr>\n<tr style=\"height: 24px;\">\n<td style=\"width: 49.8382%; height: 24px; text-align: center;\">Schweinekotelett<\/td>\n<\/tr>\n<tr style=\"height: 24px;\">\n<td style=\"width: 49.8382%; text-align: center; height: 24px;\">Marinierte Spareribs<\/td>\n<\/tr>\n<tr style=\"height: 24px;\">\n<td style=\"width: 49.8382%; text-align: center; height: 24px;\">H\u00e4hnchenfilet<\/td>\n<\/tr>\n<tr style=\"height: 0px;\">\n<td style=\"width: 49.8382%; text-align: center; height: 0px;\"><\/td>\n<\/tr>\n<tr style=\"height: 24px;\">\n<td style=\"width: 49.8382%; text-align: center; height: 24px;\">Serviert mit:<\/td>\n<\/tr>\n<tr style=\"height: 24px;\">\n<td style=\"width: 49.8382%; text-align: center; height: 24px;\">Salatbar<\/td>\n<\/tr>\n<tr style=\"height: 24px;\">\n<td style=\"width: 49.8382%; text-align: center; height: 24px;\">Kartoffelsalat<\/td>\n<\/tr>\n<tr style=\"height: 24px;\">\n<td style=\"width: 49.8382%; text-align: center; height: 24px;\">Fl\u00f6ten<\/td>\n<\/tr>\n<tr style=\"height: 24px;\">\n<td style=\"width: 49.8382%; text-align: center; height: 24px;\"><strong>W\u00e4hlen Sie 3 Arten von Fleisch: 175,- pro Person<\/strong><\/td>\n<\/tr>\n<tr style=\"height: 10px;\">\n<td style=\"width: 49.8382%; text-align: center; height: 10px;\"><strong>W\u00e4hlen Sie 4 Arten von Fleisch: 205,- pro Person<\/strong><\/td>\n<\/tr>\n<\/tbody>\n<\/table>\n<p>&nbsp;<\/p>\n<p>[\/et_pb_slide][et_pb_slide heading=&#8220;Mols Bjerge Gryden&#8220; _builder_version=&#8220;4.27.4&#8243; _module_preset=&#8220;default&#8220; custom_button=&#8220;on&#8220; button_text_color=&#8220;#FFFFFF&#8220; button_bg_color=&#8220;gcid-64bcecb8-1e08-4484-8de3-a2058d1920a9&#8243; button_border_radius=&#8220;20px&#8220; background_layout=&#8220;light&#8220; hover_enabled=&#8220;0&#8243; global_colors_info=&#8220;{%22gcid-64bcecb8-1e08-4484-8de3-a2058d1920a9%22:%91%22button_bg_color%22%93}&#8220; sticky_transition=&#8220;on&#8220; sticky_enabled=&#8220;0&#8243;]<\/p>\n<p>mit Schinkenfleisch, Cocktailw\u00fcrstchen und Paprikastreifen in Sahnesauce<\/p>\n<table border=\"1\" style=\"border-collapse: collapse; width: 100%;\">\n<tbody>\n<tr style=\"height: 72px;\">\n<td style=\"width: 49.8382%; height: 72px; text-align: center;\">Serviert mit:<\/td>\n<\/tr>\n<tr>\n<td style=\"width: 49.8382%; text-align: center;\"><span>Reis<\/span><\/td>\n<\/tr>\n<tr style=\"height: 24px;\">\n<td style=\"width: 49.8382%; height: 24px; text-align: center;\"><span>Salatbar<\/span><\/td>\n<\/tr>\n<tr>\n<td style=\"width: 49.8382%; text-align: center;\"><strong>179,- pro Person<\/strong><\/td>\n<\/tr>\n<\/tbody>\n<\/table>\n<p>&nbsp;<\/p>\n<p>[\/et_pb_slide][et_pb_slide heading=&#8220;Griechischer Hackbraten&#8220; _builder_version=&#8220;4.27.4&#8243; _module_preset=&#8220;default&#8220; custom_button=&#8220;on&#8220; button_text_color=&#8220;#FFFFFF&#8220; button_bg_color=&#8220;gcid-64bcecb8-1e08-4484-8de3-a2058d1920a9&#8243; button_border_radius=&#8220;20px&#8220; background_layout=&#8220;light&#8220; global_colors_info=&#8220;{%22gcid-64bcecb8-1e08-4484-8de3-a2058d1920a9%22:%91%22button_bg_color%22%93}&#8220; sticky_transition=&#8220;on&#8220;]<\/p>\n<p>Mit Feta-K\u00e4se<\/p>\n<table border=\"1\" style=\"border-collapse: collapse; width: 100%; height: 192px;\">\n<tbody>\n<tr style=\"height: 72px;\">\n<td style=\"width: 49.8382%; height: 72px; text-align: center;\">Serviert mit:<\/td>\n<\/tr>\n<tr style=\"height: 24px;\">\n<td style=\"width: 49.8382%; text-align: center; height: 24px;\"><span>Salatbar<\/span><\/td>\n<\/tr>\n<tr style=\"height: 24px;\">\n<td style=\"width: 49.8382%; height: 24px; text-align: center;\"><span>Kartoffelspalten mit Gew\u00fcrzen<\/span><\/td>\n<\/tr>\n<tr style=\"height: 24px;\">\n<td style=\"width: 49.8382%; text-align: center; height: 24px;\">Tzatziki<\/td>\n<\/tr>\n<tr style=\"height: 24px;\">\n<td style=\"width: 49.8382%; text-align: center; height: 24px;\">Fl\u00f6ten<\/td>\n<\/tr>\n<tr style=\"height: 24px;\">\n<td style=\"width: 49.8382%; height: 24px; text-align: center;\"><strong>189,- pro Person<\/strong><\/td>\n<\/tr>\n<\/tbody>\n<\/table>\n<p>&nbsp;<\/p>\n<p>[\/et_pb_slide][et_pb_slide heading=&#8220;  Sandwiches und mehr.&#8220; _builder_version=&#8220;4.27.4&#8243; _module_preset=&#8220;default&#8220; custom_button=&#8220;on&#8220; button_text_color=&#8220;#FFFFFF&#8220; button_bg_color=&#8220;gcid-64bcecb8-1e08-4484-8de3-a2058d1920a9&#8243; button_border_radius=&#8220;20px&#8220; background_layout=&#8220;light&#8220; global_colors_info=&#8220;{%22gcid-64bcecb8-1e08-4484-8de3-a2058d1920a9%22:%91%22button_bg_color%22%93}&#8220; sticky_transition=&#8220;on&#8220;]<\/p>\n<p>&nbsp;<\/p>\n<p>&nbsp;<\/p>\n<table border=\"1\" style=\"border-collapse: collapse; width: 100%; height: 360px;\">\n<tbody>\n<tr style=\"height: 72px;\">\n<td style=\"width: 49.8382%; height: 72px;\">Sandwiches pro St\u00fcck.<\/td>\n<td width=\"129\" style=\"width: 50%; text-align: right; height: 72px;\">35,- kr.<\/td>\n<\/tr>\n<tr style=\"height: 24px;\">\n<td style=\"width: 49.8382%; height: 24px;\"><span>Aufschnittplatte f\u00fcr ca. 12 Personen<\/span><\/td>\n<td style=\"width: 50%; text-align: right; height: 24px;\">750,- kr.<\/td>\n<\/tr>\n<tr style=\"height: 24px;\">\n<td style=\"width: 49.8382%; height: 24px;\">Aufschnitt pro Person<\/td>\n<td style=\"width: 50%; text-align: right; height: 24px;\">179,- Kr.<\/td>\n<\/tr>\n<tr style=\"height: 24px;\">\n<td style=\"width: 49.8382%; height: 24px;\">Die Toppings-Tabelle enth\u00e4lt:<\/td>\n<td width=\"129\" style=\"width: 50%; text-align: right; height: 24px;\"><\/td>\n<\/tr>\n<tr style=\"height: 24px;\">\n<td style=\"width: 49.8382%; height: 24px;\">\n<ul>\n<li>Roastbeef mit Remoulade und ger\u00f6steten Zwiebeln. <\/li>\n<li>Gerollte Wurst mit Bratenso\u00dfe + rohen Zwiebeln.<\/li>\n<li>Spegep\u00f8lse mit Remoulade + ger\u00f6steten Zwiebeln.<\/li>\n<li>Hamburger R\u00fccken mit italienischem Salat.<\/li>\n<li>Rinderbraten mit Rotkohl.<\/li>\n<li>Eier, Krabben und Mayonnaise.<\/li>\n<li>Warme Leberpastete mit Speck + gebratenen Pilzen.<\/li>\n<li>Warme Fleischb\u00e4llchen mit Rotkohl.<\/li>\n<li>Brot.<\/li>\n<li>Butter.<\/li>\n<\/ul>\n<p>&nbsp;<\/p>\n<\/td>\n<td style=\"width: 50%; text-align: right; height: 24px;\"><\/td>\n<\/tr>\n<\/tbody>\n<\/table>\n<p>&nbsp;<\/p>\n<p>[\/et_pb_slide][et_pb_slide heading=&#8220;Dessert&#8220; _builder_version=&#8220;4.27.4&#8243; _module_preset=&#8220;default&#8220; header_level=&#8220;h2&#8243; custom_button=&#8220;on&#8220; button_text_color=&#8220;#FFFFFF&#8220; button_bg_color=&#8220;gcid-64bcecb8-1e08-4484-8de3-a2058d1920a9&#8243; button_border_radius=&#8220;20px&#8220; background_layout=&#8220;light&#8220; global_colors_info=&#8220;{%22gcid-64bcecb8-1e08-4484-8de3-a2058d1920a9%22:%91%22button_bg_color%22%93}&#8220; sticky_transition=&#8220;on&#8220;]<\/p>\n<p>&nbsp;<\/p>\n<table border=\"1\" style=\"border-collapse: collapse; width: 100%;\">\n<tbody>\n<tr>\n<td style=\"width: 24.9191%;\">Eiscreme mit Waffeln<\/td>\n<td style=\"width: 24.9191%; text-align: right;\">35,- pro Person<\/td>\n<\/tr>\n<\/tbody>\n<\/table>\n<p>[\/et_pb_slide][et_pb_slide heading=&#8220;Fr\u00fchst\u00fccksbuffet&#8220; _builder_version=&#8220;4.27.4&#8243; _module_preset=&#8220;default&#8220; header_level=&#8220;h2&#8243; custom_button=&#8220;on&#8220; button_text_color=&#8220;#FFFFFF&#8220; button_bg_color=&#8220;gcid-64bcecb8-1e08-4484-8de3-a2058d1920a9&#8243; button_border_radius=&#8220;20px&#8220; background_layout=&#8220;light&#8220; global_colors_info=&#8220;{%22gcid-64bcecb8-1e08-4484-8de3-a2058d1920a9%22:%91%22button_bg_color%22%93}&#8220; sticky_transition=&#8220;on&#8220;]<\/p>\n<p>&nbsp;<\/p>\n<table border=\"1\" style=\"border-collapse: collapse; width: 100%; height: 348px;\">\n<tbody>\n<tr style=\"height: 30px;\">\n<td style=\"width: 49.8382%; text-align: center; height: 30px;\">\n<p><span>min. 10 Personen <\/span><\/p>\n<p><span>125,- pro Person<\/span><\/p>\n<\/td>\n<\/tr>\n<tr style=\"height: 72px;\">\n<td style=\"width: 49.8382%; height: 72px; text-align: center;\"><span>Enth\u00e4lt:<\/span><\/td>\n<\/tr>\n<tr style=\"height: 24px;\">\n<td style=\"width: 49.8382%; height: 24px; text-align: center;\">Rollen<\/td>\n<\/tr>\n<tr style=\"height: 24px;\">\n<td style=\"width: 49.8382%; height: 24px; text-align: center;\">Roggenbrot<\/td>\n<\/tr>\n<tr style=\"height: 24px;\">\n<td style=\"width: 49.8382%; height: 24px; text-align: center;\">Osten<\/td>\n<\/tr>\n<tr style=\"height: 24px;\">\n<td style=\"width: 49.8382%; height: 24px; text-align: center;\">Marmelade<\/td>\n<\/tr>\n<tr style=\"height: 24px;\">\n<td style=\"width: 49.8382%; height: 24px; text-align: center;\">3 Arten von Aufschnitt<\/td>\n<\/tr>\n<tr style=\"height: 24px;\">\n<td style=\"width: 49.8382%; height: 24px; text-align: center;\">R\u00fchrei und Speck<\/td>\n<\/tr>\n<tr style=\"height: 24px;\">\n<td style=\"width: 49.8382%; height: 24px; text-align: center;\">Warme Leberpastete<\/td>\n<\/tr>\n<tr style=\"height: 24px;\">\n<td style=\"width: 49.8382%; height: 24px; text-align: center;\">Gurke<\/td>\n<\/tr>\n<tr style=\"height: 24px;\">\n<td style=\"width: 49.8382%; height: 24px; text-align: center;\">Paprikaschoten<\/td>\n<\/tr>\n<tr style=\"height: 30px;\">\n<td style=\"width: 49.8382%; text-align: center; height: 30px;\">Saft\/Kaffee\/Tee<\/td>\n<\/tr>\n<\/tbody>\n<\/table>\n<p>[\/et_pb_slide][et_pb_slide heading=&#8220;Getr\u00e4nke Cafe&#8220; _builder_version=&#8220;4.27.4&#8243; _module_preset=&#8220;default&#8220; header_level=&#8220;h2&#8243; custom_button=&#8220;on&#8220; button_text_color=&#8220;#FFFFFF&#8220; button_bg_color=&#8220;gcid-64bcecb8-1e08-4484-8de3-a2058d1920a9&#8243; button_border_radius=&#8220;20px&#8220; background_layout=&#8220;light&#8220; global_colors_info=&#8220;{%22gcid-64bcecb8-1e08-4484-8de3-a2058d1920a9%22:%91%22button_bg_color%22%93}&#8220; sticky_transition=&#8220;on&#8220;]<\/p>\n<p>  Wenn Sie eine Veranstaltung im Cafe organisieren<\/p>\n<p>Wir stellen Personal zum Servieren der Getr\u00e4nke.<\/p>\n<table border=\"1\" style=\"border-collapse: collapse; width: 100%; height: 355px;\">\n<tbody>\n<tr style=\"height: 24px;\">\n<td style=\"width: 24.9191%; height: 24px; text-align: left;\">Sodawasser 0,33<\/td>\n<td style=\"width: 24.9191%; height: 24px; text-align: right;\">20,- kr.<\/td>\n<\/tr>\n<tr style=\"height: 24px;\">\n<td style=\"width: 24.9191%; height: 24px; text-align: left;\">Odense Klassisch 0,4<\/td>\n<td style=\"width: 24.9191%; height: 24px; text-align: right;\">40,- kr.<\/td>\n<\/tr>\n<tr style=\"height: 24px;\">\n<td style=\"width: 24.9191%; height: 24px; text-align: left;\">Odense Pilsner 0,4<\/td>\n<td style=\"width: 24.9191%; height: 24px; text-align: right;\">40,- kr.<\/td>\n<\/tr>\n<tr style=\"height: 24px;\">\n<td style=\"width: 24.9191%; height: 24px; text-align: left;\">Hauswein rot\/wei\u00df\/rosa 1 Flasche<\/td>\n<td style=\"width: 24.9191%; height: 24px; text-align: right;\">125,- kr.<\/td>\n<\/tr>\n<tr style=\"height: 24px;\">\n<td style=\"width: 24.9191%; height: 24px; text-align: left;\"><strong>Miete des Caf\u00e9s<\/strong><\/td>\n<td style=\"width: 24.9191%; height: 24px; text-align: right;\"><strong>1500,- kr.<\/strong><\/td>\n<\/tr>\n<tr style=\"height: 24px;\">\n<td style=\"width: 24.9191%; height: 24px; text-align: center;\">Tischgedeck + Tischdekoration nicht inbegriffen<\/td>\n<td style=\"width: 24.9191%; text-align: center; height: 24px;\"><\/td>\n<\/tr>\n<\/tbody>\n<\/table>\n<p>[\/et_pb_slide][et_pb_slide heading=&#8220;Zelt mit Getr\u00e4nken&#8220; _builder_version=&#8220;4.27.4&#8243; _module_preset=&#8220;default&#8220; header_level=&#8220;h2&#8243; custom_button=&#8220;on&#8220; button_text_color=&#8220;#FFFFFF&#8220; button_bg_color=&#8220;gcid-64bcecb8-1e08-4484-8de3-a2058d1920a9&#8243; button_border_radius=&#8220;20px&#8220; background_layout=&#8220;light&#8220; hover_enabled=&#8220;0&#8243; global_colors_info=&#8220;{%22gcid-64bcecb8-1e08-4484-8de3-a2058d1920a9%22:%91%22button_bg_color%22%93}&#8220; sticky_transition=&#8220;on&#8220; sticky_enabled=&#8220;0&#8243;]<\/p>\n<p>F\u00fcr Veranstaltungen in Zelten<\/p>\n<p>Wir stellen Personal zum Servieren der Getr\u00e4nke.<\/p>\n<table border=\"1\" style=\"border-collapse: collapse; width: 100%; height: 355px;\">\n<tbody>\n<tr style=\"height: 24px;\">\n<td style=\"width: 24.9191%; height: 24px; text-align: left;\">Sodawasser 0,33<\/td>\n<td style=\"width: 24.9191%; height: 24px; text-align: right;\">20,- kr.<\/td>\n<\/tr>\n<tr style=\"height: 24px;\">\n<td style=\"width: 24.9191%; height: 24px; text-align: left;\">Odense Klassisch 0,4<\/td>\n<td style=\"width: 24.9191%; height: 24px; text-align: right;\">40,- kr.<\/td>\n<\/tr>\n<tr style=\"height: 24px;\">\n<td style=\"width: 24.9191%; height: 24px; text-align: left;\">Odense Pilsner 0,4<\/td>\n<td style=\"width: 24.9191%; height: 24px; text-align: right;\">40,- kr.<\/td>\n<\/tr>\n<tr style=\"height: 24px;\">\n<td style=\"width: 24.9191%; height: 24px; text-align: left;\">Hauswein rot\/wei\u00df\/rosa 1 Flasche<\/td>\n<td style=\"width: 24.9191%; height: 24px; text-align: right;\">125,- kr.<\/td>\n<\/tr>\n<tr style=\"height: 24px;\">\n<td style=\"width: 24.9191%; height: 24px; text-align: left;\"><strong>Zeltmiete bis 22.00 Uhr<\/strong><\/td>\n<td style=\"width: 24.9191%; height: 24px; text-align: right;\"><strong>2500,- kr.<\/strong><\/td>\n<\/tr>\n<tr style=\"height: 24px;\">\n<td style=\"width: 24.9191%; height: 24px; text-align: left;\"><strong>Zeltvermietung bis 22.00 Uhr mit Kauf von Men\u00fc &amp; Getr\u00e4nken <\/strong><\/td>\n<td style=\"width: 24.9191%; height: 24px; text-align: right;\"><strong>1500,- kr.<\/strong><\/td>\n<\/tr>\n<tr style=\"height: 24px;\">\n<td style=\"width: 24.9191%; height: 24px; text-align: left;\">Tischgedeck + Tischdekoration nicht inbegriffen<\/td>\n<td style=\"width: 24.9191%; text-align: center; height: 24px;\"><\/td>\n<\/tr>\n<\/tbody>\n<\/table>\n<p>[\/et_pb_slide][\/et_pb_slider][\/et_pb_column][\/et_pb_row][\/et_pb_section][et_pb_section fb_built=&#8220;1&#8243; _builder_version=&#8220;4.27.3&#8243; _module_preset=&#8220;default&#8220; background_color=&#8220;gcid-d70a5a6a-d90d-43f0-b48d-3d8f33a6130e&#8220; global_colors_info=&#8220;{%22gcid-d70a5a6a-d90d-43f0-b48d-3d8f33a6130e%22:%91%22background_color%22%93}&#8220;][et_pb_row _builder_version=&#8220;4.27.3&#8243; _module_preset=&#8220;default&#8220; global_colors_info=&#8220;{}&#8220;][et_pb_column type=&#8220;4_4&#8243; _builder_version=&#8220;4.27.3&#8243; _module_preset=&#8220;default&#8220; global_colors_info=&#8220;{}&#8220;][et_pb_heading title=&#8220;Mehr Bilder&#8220; _builder_version=&#8220;4.27.3&#8243; _module_preset=&#8220;default&#8220; title_level=&#8220;h4&#8243; title_text_align=&#8220;left&#8220; global_colors_info=&#8220;{}&#8220;][\/et_pb_heading][\/et_pb_column][\/et_pb_row][et_pb_row column_structure=&#8220;1_3,1_3,1_3&#8243; _builder_version=&#8220;4.27.3&#8243; _module_preset=&#8220;default&#8220; global_colors_info=&#8220;{}&#8220;][et_pb_column type=&#8220;1_3&#8243; _builder_version=&#8220;4.27.3&#8243; _module_preset=&#8220;default&#8220; global_colors_info=&#8220;{}&#8220;][et_pb_image src=&#8220;https:\/\/molsbjergecamping.dk\/wp-content\/uploads\/2025\/02\/IMG_2285.jpeg&#8220; title_text=&#8220;IMG_2285&#8243; _builder_version=&#8220;4.27.4&#8243; _module_preset=&#8220;default&#8220; locked=&#8220;off&#8220; global_colors_info=&#8220;{}&#8220;][\/et_pb_image][et_pb_image src=&#8220;https:\/\/molsbjergecamping.dk\/wp-content\/uploads\/2025\/02\/IMG_2282.jpg&#8220; title_text=&#8220;IMG_2282&#8243; _builder_version=&#8220;4.27.4&#8243; _module_preset=&#8220;default&#8220; locked=&#8220;off&#8220; global_colors_info=&#8220;{}&#8220;][\/et_pb_image][\/et_pb_column][et_pb_column type=&#8220;1_3&#8243; _builder_version=&#8220;4.27.3&#8243; _module_preset=&#8220;default&#8220; global_colors_info=&#8220;{}&#8220;][et_pb_image src=&#8220;https:\/\/molsbjergecamping.dk\/wp-content\/uploads\/2025\/02\/IMG_2296.jpeg&#8220; title_text=&#8220;IMG_2296&#8243; _builder_version=&#8220;4.27.4&#8243; _module_preset=&#8220;default&#8220; global_colors_info=&#8220;{}&#8220;][\/et_pb_image][et_pb_image src=&#8220;https:\/\/molsbjergecamping.dk\/wp-content\/uploads\/2025\/02\/IMG_2287.jpg&#8220; title_text=&#8220;IMG_2287&#8243; _builder_version=&#8220;4.27.4&#8243; _module_preset=&#8220;default&#8220; locked=&#8220;off&#8220; global_colors_info=&#8220;{}&#8220;][\/et_pb_image][\/et_pb_column][et_pb_column type=&#8220;1_3&#8243; _builder_version=&#8220;4.27.3&#8243; _module_preset=&#8220;default&#8220; global_colors_info=&#8220;{}&#8220;][et_pb_image src=&#8220;https:\/\/molsbjergecamping.dk\/wp-content\/uploads\/2025\/02\/thumbnail-1.jpg&#8220; title_text=&#8220;Vorschaubild (1)&#8220; _builder_version=&#8220;4.27.4&#8243; _module_preset=&#8220;default&#8220; global_colors_info=&#8220;{}&#8220;][\/et_pb_image][et_pb_image src=&#8220;https:\/\/molsbjergecamping.dk\/wp-content\/uploads\/2025\/02\/IMG_28811.jpg&#8220; title_text=&#8220;IMG_28811&#8243; _builder_version=&#8220;4.27.4&#8243; _module_preset=&#8220;default&#8220; locked=&#8220;off&#8220; global_colors_info=&#8220;{}&#8220;][\/et_pb_image][\/et_pb_column][\/et_pb_row][\/et_pb_section]<\/p>\n","protected":false},"excerpt":{"rendered":"<p>Men\u00fcvorschl\u00e4ge f\u00fcr Veranstaltungenmin. 40 Personen &nbsp; Serviert mit: Salatbar Sahnekartoffeln Gebratene gew\u00fcrzte Kartoffeln aus dem Ofen Fl\u00f6ten Nur 260,- pro Person &nbsp;&nbsp; Serviert mit: Salatbar Sahnekartoffeln Gebratene gew\u00fcrzte Kartoffeln aus dem Ofen Fl\u00f6ten 199,- pro Person &nbsp;Stellen Sie sich selbst an den Grill, wir liefern die Zutaten W\u00e4hlen Sie aus: Gegrillte Medaillons Schweinekotelett Marinierte Spareribs [&hellip;]<\/p>\n","protected":false},"author":1,"featured_media":0,"parent":102489,"menu_order":0,"comment_status":"closed","ping_status":"closed","template":"","meta":{"_et_pb_use_builder":"on","_et_pb_old_content":"","_et_gb_content_width":"","footnotes":""},"folder":[],"class_list":["post-102180","page","type-page","status-publish","hentry"],"yoast_head":"<!-- This site is optimized with the Yoast SEO plugin v27.4 - https:\/\/yoast.com\/product\/yoast-seo-wordpress\/ -->\n<title>Men\u00fcs - Mols Bjerge Camping<\/title>\n<meta name=\"robots\" content=\"index, follow, max-snippet:-1, max-image-preview:large, max-video-preview:-1\" \/>\n<link rel=\"canonical\" href=\"https:\/\/molsbjergecamping.dk\/de\/das-quadrat\/cafe\/menues\/\" \/>\n<meta property=\"og:locale\" content=\"de_DE\" \/>\n<meta property=\"og:type\" content=\"article\" \/>\n<meta property=\"og:title\" content=\"Men\u00fcs - Mols Bjerge Camping\" \/>\n<meta property=\"og:description\" content=\"Men\u00fcvorschl\u00e4ge f\u00fcr Veranstaltungenmin. 40 Personen &nbsp; Serviert mit: Salatbar Sahnekartoffeln Gebratene gew\u00fcrzte Kartoffeln aus dem Ofen Fl\u00f6ten Nur 260,- pro Person &nbsp;&nbsp; Serviert mit: Salatbar Sahnekartoffeln Gebratene gew\u00fcrzte Kartoffeln aus dem Ofen Fl\u00f6ten 199,- pro Person &nbsp;Stellen Sie sich selbst an den Grill, wir liefern die Zutaten W\u00e4hlen Sie aus: Gegrillte Medaillons Schweinekotelett Marinierte Spareribs [&hellip;]\" \/>\n<meta property=\"og:url\" content=\"https:\/\/molsbjergecamping.dk\/de\/das-quadrat\/cafe\/menues\/\" \/>\n<meta property=\"og:site_name\" content=\"Mols Bjerge Camping\" \/>\n<meta property=\"article:modified_time\" content=\"2025-07-16T13:26:12+00:00\" \/>\n<meta name=\"twitter:card\" content=\"summary_large_image\" \/>\n<meta name=\"twitter:label1\" content=\"Gesch\u00e4tzte Lesezeit\" \/>\n\t<meta name=\"twitter:data1\" content=\"8\u00a0Minuten\" \/>\n<script type=\"application\/ld+json\" class=\"yoast-schema-graph\">{\"@context\":\"https:\\\/\\\/schema.org\",\"@graph\":[{\"@type\":\"WebPage\",\"@id\":\"https:\\\/\\\/molsbjergecamping.dk\\\/de\\\/das-quadrat\\\/cafe\\\/menues\\\/\",\"url\":\"https:\\\/\\\/molsbjergecamping.dk\\\/de\\\/das-quadrat\\\/cafe\\\/menues\\\/\",\"name\":\"Men\u00fcs - Mols Bjerge Camping\",\"isPartOf\":{\"@id\":\"https:\\\/\\\/molsbjergecamping.dk\\\/de\\\/#website\"},\"datePublished\":\"2025-02-20T20:01:46+00:00\",\"dateModified\":\"2025-07-16T13:26:12+00:00\",\"breadcrumb\":{\"@id\":\"https:\\\/\\\/molsbjergecamping.dk\\\/de\\\/das-quadrat\\\/cafe\\\/menues\\\/#breadcrumb\"},\"inLanguage\":\"de\",\"potentialAction\":[{\"@type\":\"ReadAction\",\"target\":[\"https:\\\/\\\/molsbjergecamping.dk\\\/de\\\/das-quadrat\\\/cafe\\\/menues\\\/\"]}]},{\"@type\":\"BreadcrumbList\",\"@id\":\"https:\\\/\\\/molsbjergecamping.dk\\\/de\\\/das-quadrat\\\/cafe\\\/menues\\\/#breadcrumb\",\"itemListElement\":[{\"@type\":\"ListItem\",\"position\":1,\"name\":\"Home\",\"item\":\"https:\\\/\\\/molsbjergecamping.dk\\\/de\\\/\"},{\"@type\":\"ListItem\",\"position\":2,\"name\":\"Campingplatz\",\"item\":\"https:\\\/\\\/molsbjergecamping.dk\\\/de\\\/das-quadrat\\\/\"},{\"@type\":\"ListItem\",\"position\":3,\"name\":\"Cafe\",\"item\":\"https:\\\/\\\/molsbjergecamping.dk\\\/de\\\/das-quadrat\\\/cafe\\\/\"},{\"@type\":\"ListItem\",\"position\":4,\"name\":\"Men\u00fcs\"}]},{\"@type\":\"WebSite\",\"@id\":\"https:\\\/\\\/molsbjergecamping.dk\\\/de\\\/#website\",\"url\":\"https:\\\/\\\/molsbjergecamping.dk\\\/de\\\/\",\"name\":\"Mols Bjerge Camping\",\"description\":\"Midt i Mols Bjerge nationalpark\",\"publisher\":{\"@id\":\"https:\\\/\\\/molsbjergecamping.dk\\\/de\\\/#organization\"},\"potentialAction\":[{\"@type\":\"SearchAction\",\"target\":{\"@type\":\"EntryPoint\",\"urlTemplate\":\"https:\\\/\\\/molsbjergecamping.dk\\\/de\\\/?s={search_term_string}\"},\"query-input\":{\"@type\":\"PropertyValueSpecification\",\"valueRequired\":true,\"valueName\":\"search_term_string\"}}],\"inLanguage\":\"de\"},{\"@type\":\"Organization\",\"@id\":\"https:\\\/\\\/molsbjergecamping.dk\\\/de\\\/#organization\",\"name\":\"Mols Bjerge Camping\",\"url\":\"https:\\\/\\\/molsbjergecamping.dk\\\/de\\\/\",\"logo\":{\"@type\":\"ImageObject\",\"inLanguage\":\"de\",\"@id\":\"https:\\\/\\\/molsbjergecamping.dk\\\/de\\\/#\\\/schema\\\/logo\\\/image\\\/\",\"url\":\"https:\\\/\\\/molsbjergecamping.dk\\\/wp-content\\\/uploads\\\/2025\\\/01\\\/MolsBjergeCamping_LOGO_2linjer-360-px-high.png\",\"contentUrl\":\"https:\\\/\\\/molsbjergecamping.dk\\\/wp-content\\\/uploads\\\/2025\\\/01\\\/MolsBjergeCamping_LOGO_2linjer-360-px-high.png\",\"width\":1047,\"height\":360,\"caption\":\"Mols Bjerge Camping\"},\"image\":{\"@id\":\"https:\\\/\\\/molsbjergecamping.dk\\\/de\\\/#\\\/schema\\\/logo\\\/image\\\/\"}}]}<\/script>\n<!-- \/ Yoast SEO plugin. -->","yoast_head_json":{"title":"Men\u00fcs - Mols Bjerge Camping","robots":{"index":"index","follow":"follow","max-snippet":"max-snippet:-1","max-image-preview":"max-image-preview:large","max-video-preview":"max-video-preview:-1"},"canonical":"https:\/\/molsbjergecamping.dk\/de\/das-quadrat\/cafe\/menues\/","og_locale":"de_DE","og_type":"article","og_title":"Men\u00fcs - Mols Bjerge Camping","og_description":"Men\u00fcvorschl\u00e4ge f\u00fcr Veranstaltungenmin. 40 Personen &nbsp; Serviert mit: Salatbar Sahnekartoffeln Gebratene gew\u00fcrzte Kartoffeln aus dem Ofen Fl\u00f6ten Nur 260,- pro Person &nbsp;&nbsp; Serviert mit: Salatbar Sahnekartoffeln Gebratene gew\u00fcrzte Kartoffeln aus dem Ofen Fl\u00f6ten 199,- pro Person &nbsp;Stellen Sie sich selbst an den Grill, wir liefern die Zutaten W\u00e4hlen Sie aus: Gegrillte Medaillons Schweinekotelett Marinierte Spareribs [&hellip;]","og_url":"https:\/\/molsbjergecamping.dk\/de\/das-quadrat\/cafe\/menues\/","og_site_name":"Mols Bjerge Camping","article_modified_time":"2025-07-16T13:26:12+00:00","twitter_card":"summary_large_image","twitter_misc":{"Gesch\u00e4tzte Lesezeit":"8\u00a0Minuten"},"schema":{"@context":"https:\/\/schema.org","@graph":[{"@type":"WebPage","@id":"https:\/\/molsbjergecamping.dk\/de\/das-quadrat\/cafe\/menues\/","url":"https:\/\/molsbjergecamping.dk\/de\/das-quadrat\/cafe\/menues\/","name":"Men\u00fcs - Mols Bjerge Camping","isPartOf":{"@id":"https:\/\/molsbjergecamping.dk\/de\/#website"},"datePublished":"2025-02-20T20:01:46+00:00","dateModified":"2025-07-16T13:26:12+00:00","breadcrumb":{"@id":"https:\/\/molsbjergecamping.dk\/de\/das-quadrat\/cafe\/menues\/#breadcrumb"},"inLanguage":"de","potentialAction":[{"@type":"ReadAction","target":["https:\/\/molsbjergecamping.dk\/de\/das-quadrat\/cafe\/menues\/"]}]},{"@type":"BreadcrumbList","@id":"https:\/\/molsbjergecamping.dk\/de\/das-quadrat\/cafe\/menues\/#breadcrumb","itemListElement":[{"@type":"ListItem","position":1,"name":"Home","item":"https:\/\/molsbjergecamping.dk\/de\/"},{"@type":"ListItem","position":2,"name":"Campingplatz","item":"https:\/\/molsbjergecamping.dk\/de\/das-quadrat\/"},{"@type":"ListItem","position":3,"name":"Cafe","item":"https:\/\/molsbjergecamping.dk\/de\/das-quadrat\/cafe\/"},{"@type":"ListItem","position":4,"name":"Men\u00fcs"}]},{"@type":"WebSite","@id":"https:\/\/molsbjergecamping.dk\/de\/#website","url":"https:\/\/molsbjergecamping.dk\/de\/","name":"Mols Bjerge Camping","description":"Midt i Mols Bjerge nationalpark","publisher":{"@id":"https:\/\/molsbjergecamping.dk\/de\/#organization"},"potentialAction":[{"@type":"SearchAction","target":{"@type":"EntryPoint","urlTemplate":"https:\/\/molsbjergecamping.dk\/de\/?s={search_term_string}"},"query-input":{"@type":"PropertyValueSpecification","valueRequired":true,"valueName":"search_term_string"}}],"inLanguage":"de"},{"@type":"Organization","@id":"https:\/\/molsbjergecamping.dk\/de\/#organization","name":"Mols Bjerge Camping","url":"https:\/\/molsbjergecamping.dk\/de\/","logo":{"@type":"ImageObject","inLanguage":"de","@id":"https:\/\/molsbjergecamping.dk\/de\/#\/schema\/logo\/image\/","url":"https:\/\/molsbjergecamping.dk\/wp-content\/uploads\/2025\/01\/MolsBjergeCamping_LOGO_2linjer-360-px-high.png","contentUrl":"https:\/\/molsbjergecamping.dk\/wp-content\/uploads\/2025\/01\/MolsBjergeCamping_LOGO_2linjer-360-px-high.png","width":1047,"height":360,"caption":"Mols Bjerge Camping"},"image":{"@id":"https:\/\/molsbjergecamping.dk\/de\/#\/schema\/logo\/image\/"}}]}},"_links":{"self":[{"href":"https:\/\/molsbjergecamping.dk\/de\/wp-json\/wp\/v2\/pages\/102180","targetHints":{"allow":["GET"]}}],"collection":[{"href":"https:\/\/molsbjergecamping.dk\/de\/wp-json\/wp\/v2\/pages"}],"about":[{"href":"https:\/\/molsbjergecamping.dk\/de\/wp-json\/wp\/v2\/types\/page"}],"author":[{"embeddable":true,"href":"https:\/\/molsbjergecamping.dk\/de\/wp-json\/wp\/v2\/users\/1"}],"replies":[{"embeddable":true,"href":"https:\/\/molsbjergecamping.dk\/de\/wp-json\/wp\/v2\/comments?post=102180"}],"version-history":[{"count":7,"href":"https:\/\/molsbjergecamping.dk\/de\/wp-json\/wp\/v2\/pages\/102180\/revisions"}],"predecessor-version":[{"id":104443,"href":"https:\/\/molsbjergecamping.dk\/de\/wp-json\/wp\/v2\/pages\/102180\/revisions\/104443"}],"up":[{"embeddable":true,"href":"https:\/\/molsbjergecamping.dk\/de\/wp-json\/wp\/v2\/pages\/102489"}],"wp:attachment":[{"href":"https:\/\/molsbjergecamping.dk\/de\/wp-json\/wp\/v2\/media?parent=102180"}],"wp:term":[{"taxonomy":"folder","embeddable":true,"href":"https:\/\/molsbjergecamping.dk\/de\/wp-json\/wp\/v2\/folder?post=102180"}],"curies":[{"name":"wp","href":"https:\/\/api.w.org\/{rel}","templated":true}]}}